                                                                                                                                                                                                                                                                                                                                                                                                                                                                                                    {"id":66,"date":"2009-06-25T17:33:14","date_gmt":"2009-06-25T19:33:14","guid":{"rendered":"http:\/\/redeccap.org.br\/blogcasaviva\/?page_id=66"},"modified":"2009-08-13T21:43:08","modified_gmt":"2009-08-14T00:43:08","slug":"quem-somos","status":"publish","type":"page","link":"https:\/\/redeccap.org.br\/blogcasaviva\/quem-somos\/","title":{"rendered":"Quem Somos"},"content":{"rendered":"<p style=\"text-align: center;\"><img loading=\"lazy\" title=\"casa viva logo\" src=\"http:\/\/redeccap.org.br\/blogcasaviva\/wp-content\/uploads\/2009\/06\/casa-viva-logo4-300x228.jpg\" alt=\"casa viva logo\" width=\"300\" height=\"228\" \/><\/p>\n<p style=\"text-align: center;\"><span style=\"color: #800000;\"><strong>Bem Vindo ao Espa\u00e7o Casa Viva Rede CCAP<\/strong><\/span><\/p>\n<p style=\"text-align: left;\"><span style=\"color: #800000;\"><strong> <\/strong><\/span><span style=\"color: #800000;\"><span style=\"color: #000000;\">O Espa\u00e7o Casa Viva \u00e9 destinada a crian\u00e7as, jovens e pessoas moradoras da comunidade de Manguinhos. Com oficinas de educa\u00e7\u00e3o, arte e cultura, a proposta desse empreendimento \u00e9 oferecer atividades complementares para ajudar no desenvolvimento, racioc\u00ednio e mem\u00f3ria atrav\u00e9s da m\u00fasica, pintura, canto e demais atividades art\u00edsticas. <\/span><\/span><\/p>\n<p><span style=\"color: #800000;\"><span style=\"color: #000000;\">O Espa\u00e7o Casa Viva \u00e9 um empreendimento social da Rede CCAP, e tem a ONG italiana Cooperazione Sviluppo (Cesvi) como seu principal financiador, apoio da Funda\u00e7\u00e3o Oswaldo Cruz e parceria com a UFRJ.<\/span><\/span><\/p>\n<p><span style=\"color: #800000;\"><span style=\"color: #000000;\"><img loading=\"lazy\" title=\"cesvi logo\" src=\"http:\/\/redeccap.org.br\/blogcasaviva\/wp-content\/uploads\/2009\/06\/cesvi-logo4-150x150.jpg\" alt=\"cesvi logo\" width=\"96\" height=\"72\" \/><img loading=\"lazy\" title=\"rede ccap logo\" src=\"http:\/\/redeccap.org.br\/blogcasaviva\/wp-content\/uploads\/2009\/06\/rede-ccap-logo4-150x150.jpg\" alt=\"rede ccap logo\" width=\"78\" height=\"71\" \/><br \/>\n<\/span><\/span><\/p>\n<p>_______________________________________________________________________<\/p>\n<h4><span style=\"color: #800000;\">Espa\u00e7o Casa Viva Rede CCAP<\/span><\/h4>\n<p><span style=\"color: #800000;\">Rua Capit\u00e3o Bragan\u00e7a, 142 &#8211; Manguinhos &#8211; RJ.<\/span><\/p>\n<h2><span style=\"color: #800000;\">Tel: 38698330<\/span><\/h2>\n<p><span style=\"color: #800000;\"><br \/>\n<\/span><\/p>\n","protected":false},"excerpt":{"rendered":"<p>Bem Vindo ao Espa\u00e7o Casa Viva Rede CCAP O Espa\u00e7o Casa Viva \u00e9 destinada a crian\u00e7as, jovens e pessoas moradoras da comunidade de Manguinhos. Com oficinas de educa\u00e7\u00e3o, arte e cultura, a proposta desse empreendimento \u00e9 oferecer atividades complementares para &hellip; <a href=\"https:\/\/redeccap.org.br\/blogcasaviva\/quem-somos\/\">Continue lendo <span class=\"meta-nav\">&rarr;<\/span><\/a><\/p>\n","protected":false},"author":2,"featured_media":0,"parent":0,"menu_order":0,"comment_status":"open","ping_status":"open","template":"","meta":{"spay_email":""},"yoast_head":"<!-- This site is optimized with the Yoast SEO plugin v14.8 - https:\/\/yoast.com\/wordpress\/plugins\/seo\/ -->\n<meta name=\"robots\" content=\"index, follow\" \/>\n<meta name=\"googlebot\" content=\"index, follow, max-snippet:-1, max-image-preview:large, max-video-preview:-1\" \/>\n<meta name=\"bingbot\" content=\"index, follow, max-snippet:-1, max-image-preview:large, max-video-preview:-1\" \/>\n<link rel=\"canonical\" href=\"http:\/\/redeccap.org.br\/blogcasaviva\/quem-somos\/\" \/>\n<meta property=\"og:locale\" content=\"pt_BR\" \/>\n<meta property=\"og:type\" content=\"article\" \/>\n<meta property=\"og:title\" content=\"Quem Somos - Espa\u00e7o Casa Viva\/RedeCCAP\" \/>\n<meta property=\"og:description\" content=\"Bem Vindo ao Espa\u00e7o Casa Viva Rede CCAP O Espa\u00e7o Casa Viva \u00e9 destinada a crian\u00e7as, jovens e pessoas moradoras da comunidade de Manguinhos. Com oficinas de educa\u00e7\u00e3o, arte e cultura, a proposta desse empreendimento \u00e9 oferecer atividades complementares para &hellip; Continue lendo &rarr;\" \/>\n<meta property=\"og:url\" content=\"http:\/\/redeccap.org.br\/blogcasaviva\/quem-somos\/\" \/>\n<meta property=\"og:site_name\" content=\"Espa\u00e7o Casa Viva\/RedeCCAP\" \/>\n<meta property=\"article:modified_time\" content=\"2009-08-14T00:43:08+00:00\" \/>\n<meta property=\"og:image\" content=\"http:\/\/redeccap.org.br\/blogcasaviva\/wp-content\/uploads\/2009\/06\/casa-viva-logo4-300x228.jpg\" \/>\n<meta name=\"twitter:card\" content=\"summary_large_image\" \/>\n<script type=\"application\/ld+json\" class=\"yoast-schema-graph\">{\"@context\":\"https:\/\/schema.org\",\"@graph\":[{\"@type\":\"WebSite\",\"@id\":\"https:\/\/redeccap.org.br\/blogcasaviva\/#website\",\"url\":\"https:\/\/redeccap.org.br\/blogcasaviva\/\",\"name\":\"Espa\\u00e7o Casa Viva\/RedeCCAP\",\"description\":\"\",\"potentialAction\":[{\"@type\":\"SearchAction\",\"target\":\"https:\/\/redeccap.org.br\/blogcasaviva\/?s={search_term_string}\",\"query-input\":\"required name=search_term_string\"}],\"inLanguage\":\"pt-BR\"},{\"@type\":\"ImageObject\",\"@id\":\"http:\/\/redeccap.org.br\/blogcasaviva\/quem-somos\/#primaryimage\",\"inLanguage\":\"pt-BR\",\"url\":\"http:\/\/redeccap.org.br\/blogcasaviva\/wp-content\/uploads\/2009\/06\/casa-viva-logo4-300x228.jpg\"},{\"@type\":\"WebPage\",\"@id\":\"http:\/\/redeccap.org.br\/blogcasaviva\/quem-somos\/#webpage\",\"url\":\"http:\/\/redeccap.org.br\/blogcasaviva\/quem-somos\/\",\"name\":\"Quem Somos - Espa\\u00e7o Casa Viva\/RedeCCAP\",\"isPartOf\":{\"@id\":\"https:\/\/redeccap.org.br\/blogcasaviva\/#website\"},\"primaryImageOfPage\":{\"@id\":\"http:\/\/redeccap.org.br\/blogcasaviva\/quem-somos\/#primaryimage\"},\"datePublished\":\"2009-06-25T19:33:14+00:00\",\"dateModified\":\"2009-08-14T00:43:08+00:00\",\"inLanguage\":\"pt-BR\",\"potentialAction\":[{\"@type\":\"ReadAction\",\"target\":[\"http:\/\/redeccap.org.br\/blogcasaviva\/quem-somos\/\"]}]}]}<\/script>\n<!-- \/ Yoast SEO plugin. -->","_links":{"self":[{"href":"https:\/\/redeccap.org.br\/blogcasaviva\/wp-json\/wp\/v2\/pages\/66"}],"collection":[{"href":"https:\/\/redeccap.org.br\/blogcasaviva\/wp-json\/wp\/v2\/pages"}],"about":[{"href":"https:\/\/redeccap.org.br\/blogcasaviva\/wp-json\/wp\/v2\/types\/page"}],"author":[{"embeddable":true,"href":"https:\/\/redeccap.org.br\/blogcasaviva\/wp-json\/wp\/v2\/users\/2"}],"replies":[{"embeddable":true,"href":"https:\/\/redeccap.org.br\/blogcasaviva\/wp-json\/wp\/v2\/comments?post=66"}],"version-history":[{"count":4,"href":"https:\/\/redeccap.org.br\/blogcasaviva\/wp-json\/wp\/v2\/pages\/66\/revisions"}],"predecessor-version":[{"id":69,"href":"https:\/\/redeccap.org.br\/blogcasaviva\/wp-json\/wp\/v2\/pages\/66\/revisions\/69"}],"wp:attachment":[{"href":"https:\/\/redeccap.org.br\/blogcasaviva\/wp-json\/wp\/v2\/media?parent=66"}],"curies":[{"name":"wp","href":"https:\/\/api.w.org\/{rel}","templated":true}]}}