                                                                                                                                                                                                                                                                                                                                                                                                                                                                                                    {"id":2418,"date":"2012-07-12T10:14:05","date_gmt":"2012-07-12T13:14:05","guid":{"rendered":"http:\/\/redeccap.org.br\/blogcasaviva\/?page_id=2418"},"modified":"2012-07-12T10:14:13","modified_gmt":"2012-07-12T13:14:13","slug":"apresentacao-escola-de-musica-de-manguinhos","status":"publish","type":"page","link":"https:\/\/redeccap.org.br\/blogcasaviva\/apresentacao-escola-de-musica-de-manguinhos\/","title":{"rendered":"Apresenta\u00e7\u00e3o Escola de M\u00fasica de Manguinhos"},"content":{"rendered":"<p><a rel=\"attachment wp-att-2419\" href=\"http:\/\/redeccap.org.br\/blogcasaviva\/?attachment_id=2419\"><img loading=\"lazy\" class=\"aligncenter size-medium wp-image-2419\" title=\"encerramento 2\" src=\"http:\/\/redeccap.org.br\/blogcasaviva\/wp-content\/uploads\/2012\/07\/encerramento-2-209x300.jpg\" alt=\"encerramento 2\" width=\"209\" height=\"300\" srcset=\"https:\/\/redeccap.org.br\/blogcasaviva\/wp-content\/uploads\/2012\/07\/encerramento-2-209x300.jpg 209w, https:\/\/redeccap.org.br\/blogcasaviva\/wp-content\/uploads\/2012\/07\/encerramento-2-713x1024.jpg 713w, https:\/\/redeccap.org.br\/blogcasaviva\/wp-content\/uploads\/2012\/07\/encerramento-2.jpg 1202w\" sizes=\"(max-width: 209px) 100vw, 209px\" \/><\/a><\/p>\n","protected":false},"excerpt":{"rendered":"","protected":false},"author":2,"featured_media":0,"parent":0,"menu_order":0,"comment_status":"open","ping_status":"open","template":"","meta":{"spay_email":""},"yoast_head":"<!-- This site is optimized with the Yoast SEO plugin v14.8 - https:\/\/yoast.com\/wordpress\/plugins\/seo\/ -->\n<meta name=\"robots\" content=\"index, follow\" \/>\n<meta name=\"googlebot\" content=\"index, follow, max-snippet:-1, max-image-preview:large, max-video-preview:-1\" \/>\n<meta name=\"bingbot\" content=\"index, follow, max-snippet:-1, max-image-preview:large, max-video-preview:-1\" \/>\n<link rel=\"canonical\" href=\"http:\/\/redeccap.org.br\/blogcasaviva\/apresentacao-escola-de-musica-de-manguinhos\/\" \/>\n<meta property=\"og:locale\" content=\"pt_BR\" \/>\n<meta property=\"og:type\" content=\"article\" \/>\n<meta property=\"og:title\" content=\"Apresenta\u00e7\u00e3o Escola de M\u00fasica de Manguinhos - Espa\u00e7o Casa Viva\/RedeCCAP\" \/>\n<meta property=\"og:url\" content=\"http:\/\/redeccap.org.br\/blogcasaviva\/apresentacao-escola-de-musica-de-manguinhos\/\" \/>\n<meta property=\"og:site_name\" content=\"Espa\u00e7o Casa Viva\/RedeCCAP\" \/>\n<meta property=\"article:modified_time\" content=\"2012-07-12T13:14:13+00:00\" \/>\n<meta property=\"og:image\" content=\"http:\/\/redeccap.org.br\/blogcasaviva\/wp-content\/uploads\/2012\/07\/encerramento-2-209x300.jpg\" \/>\n<meta name=\"twitter:card\" content=\"summary_large_image\" \/>\n<script type=\"application\/ld+json\" class=\"yoast-schema-graph\">{\"@context\":\"https:\/\/schema.org\",\"@graph\":[{\"@type\":\"WebSite\",\"@id\":\"https:\/\/redeccap.org.br\/blogcasaviva\/#website\",\"url\":\"https:\/\/redeccap.org.br\/blogcasaviva\/\",\"name\":\"Espa\\u00e7o Casa Viva\/RedeCCAP\",\"description\":\"\",\"potentialAction\":[{\"@type\":\"SearchAction\",\"target\":\"https:\/\/redeccap.org.br\/blogcasaviva\/?s={search_term_string}\",\"query-input\":\"required name=search_term_string\"}],\"inLanguage\":\"pt-BR\"},{\"@type\":\"ImageObject\",\"@id\":\"http:\/\/redeccap.org.br\/blogcasaviva\/apresentacao-escola-de-musica-de-manguinhos\/#primaryimage\",\"inLanguage\":\"pt-BR\",\"url\":\"http:\/\/redeccap.org.br\/blogcasaviva\/wp-content\/uploads\/2012\/07\/encerramento-2-209x300.jpg\"},{\"@type\":\"WebPage\",\"@id\":\"http:\/\/redeccap.org.br\/blogcasaviva\/apresentacao-escola-de-musica-de-manguinhos\/#webpage\",\"url\":\"http:\/\/redeccap.org.br\/blogcasaviva\/apresentacao-escola-de-musica-de-manguinhos\/\",\"name\":\"Apresenta\\u00e7\\u00e3o Escola de M\\u00fasica de Manguinhos - Espa\\u00e7o Casa Viva\/RedeCCAP\",\"isPartOf\":{\"@id\":\"https:\/\/redeccap.org.br\/blogcasaviva\/#website\"},\"primaryImageOfPage\":{\"@id\":\"http:\/\/redeccap.org.br\/blogcasaviva\/apresentacao-escola-de-musica-de-manguinhos\/#primaryimage\"},\"datePublished\":\"2012-07-12T13:14:05+00:00\",\"dateModified\":\"2012-07-12T13:14:13+00:00\",\"inLanguage\":\"pt-BR\",\"potentialAction\":[{\"@type\":\"ReadAction\",\"target\":[\"http:\/\/redeccap.org.br\/blogcasaviva\/apresentacao-escola-de-musica-de-manguinhos\/\"]}]}]}<\/script>\n<!-- \/ Yoast SEO plugin. -->","_links":{"self":[{"href":"https:\/\/redeccap.org.br\/blogcasaviva\/wp-json\/wp\/v2\/pages\/2418"}],"collection":[{"href":"https:\/\/redeccap.org.br\/blogcasaviva\/wp-json\/wp\/v2\/pages"}],"about":[{"href":"https:\/\/redeccap.org.br\/blogcasaviva\/wp-json\/wp\/v2\/types\/page"}],"author":[{"embeddable":true,"href":"https:\/\/redeccap.org.br\/blogcasaviva\/wp-json\/wp\/v2\/users\/2"}],"replies":[{"embeddable":true,"href":"https:\/\/redeccap.org.br\/blogcasaviva\/wp-json\/wp\/v2\/comments?post=2418"}],"version-history":[{"count":6,"href":"https:\/\/redeccap.org.br\/blogcasaviva\/wp-json\/wp\/v2\/pages\/2418\/revisions"}],"predecessor-version":[{"id":2425,"href":"https:\/\/redeccap.org.br\/blogcasaviva\/wp-json\/wp\/v2\/pages\/2418\/revisions\/2425"}],"wp:attachment":[{"href":"https:\/\/redeccap.org.br\/blogcasaviva\/wp-json\/wp\/v2\/media?parent=2418"}],"curies":[{"name":"wp","href":"https:\/\/api.w.org\/{rel}","templated":true}]}}